{"id":21,"date":"2016-09-18T21:04:20","date_gmt":"2016-09-18T20:04:20","guid":{"rendered":"http:\/\/www.fitano.cz\/?page_id=21"},"modified":"2018-10-25T15:52:28","modified_gmt":"2018-10-25T14:52:28","slug":"galerie","status":"publish","type":"page","link":"https:\/\/www.fitano.cz\/?page_id=21","title":{"rendered":"GALERIE"},"content":{"rendered":"<p><span style=\"font-family: Consolas; font-size: large;\"><span style=\"font-family: Consolas; font-size: large;\"><div class=\"wp-rajce-galerie\">\n<div class=\"album\"><a href=\"https:\/\/www.rajce.idnes.cz\/fitano\/album\/wellness-pobyt-se-cvicenim-beskydy-hotelexcelsior\"><img decoding=\"async\" src=\"https:\/\/img43.rajce.idnes.cz\/d4301\/19\/19937\/19937566_20f7b85da79a36a169a9ed06e0b7baca\/thumb\/20260418_095332.jpg?ver=0\" alt=\"Wellness pobyt se cvi\u010den\u00edm Beskydy hotelExcelsior\" class=\"thumbnail\">Wellness pobyt se cvi\u010den\u00edm Beskydy hotelExcelsior<\/a><\/div>\n<div class=\"album\"><a href=\"https:\/\/www.rajce.idnes.cz\/fitano\/album\/wellness-pobyt-se-cvicenim-orea-resort-9-skal\"><img decoding=\"async\" src=\"https:\/\/img40.rajce.idnes.cz\/d4003\/19\/19917\/19917079_484a04a5db0197228844144112d7012d\/thumb\/20260328_161249.jpg?ver=0\" alt=\"Wellness pobyt se cvi\u010den\u00edm OREA resort 9 skal\" class=\"thumbnail\">Wellness pobyt se cvi\u010den\u00edm OREA resort 9 skal<\/a><\/div>\n<div class=\"album\"><a href=\"https:\/\/www.rajce.idnes.cz\/fitano\/album\/wellness-v-beskydech-h-resort2026\"><img decoding=\"async\" src=\"https:\/\/img43.rajce.idnes.cz\/d4303\/19\/19912\/19912022_3921daad36583fd7942429b2a435d0eb\/thumb\/20260131_163538.jpg?ver=0\" alt=\"Wellness v Beskydech H resort2026\" class=\"thumbnail\">Wellness v Beskydech H resort2026<\/a><\/div>\n<div class=\"album\"><a href=\"https:\/\/www.rajce.idnes.cz\/fitano\/album\/lyzovacka-v-italii-pro-single\"><img decoding=\"async\" src=\"https:\/\/img44.rajce.idnes.cz\/d4403\/19\/19911\/19911999_fb4fd02ca605e5ea4e6ef686be2e08b0\/thumb\/20260118_184257.jpg?ver=0\" alt=\"Ly\u017eova\u010dka v It\u00e1lii pro single\" class=\"thumbnail\">Ly\u017eova\u010dka v It\u00e1lii pro single<\/a><\/div>\n<div class=\"album\"><a href=\"https:\/\/www.rajce.idnes.cz\/fitano\/album\/primestska-lyzarska-a-snowborardova-skola-o-jarnich-prazdninach-\"><img decoding=\"async\" src=\"https:\/\/img40.rajce.idnes.cz\/d4003\/19\/19911\/19911991_1dea7bb57cf0b1494bc13b8ce69b18fa\/thumb\/20260210_104721.jpg?ver=0\" alt=\"P\u0159\u00edm\u011bstsk\u00e1 ly\u017ea\u0159sk\u00e1 a snowborardov\u00e1 \u0161kola o jarn\u00edch pr\u00e1zdnin\u00e1ch Ostravy 2026\" class=\"thumbnail\">P\u0159\u00edm\u011bstsk\u00e1 ly\u017ea\u0159sk\u00e1 a snowborardov\u00e1 \u0161kola o jarn\u00edch pr\u00e1zdnin\u00e1ch Ostravy 2026<\/a><\/div>\n<div class=\"album\"><a href=\"https:\/\/www.rajce.idnes.cz\/fitano\/album\/wellness-pobyt-luhacovice-zari-2025\"><img decoding=\"async\" src=\"https:\/\/img40.rajce.idnes.cz\/d4002\/19\/19743\/19743385_6c21108d992926f5629e78b978928f90\/thumb\/20250928_093509.jpg?ver=0\" alt=\"Wellness pobyt Luha\u010dovice z\u00e1\u0159\u00ed 2025\" class=\"thumbnail\">Wellness pobyt Luha\u010dovice z\u00e1\u0159\u00ed 2025<\/a><\/div>\n<div class=\"album\"><a href=\"https:\/\/www.rajce.idnes.cz\/fitano\/album\/recko-letecky-hotel-sissy\"><img decoding=\"async\" src=\"https:\/\/img41.rajce.idnes.cz\/d4102\/19\/19706\/19706788_85d77db9ce0ff815fa594bd40940bce2\/thumb\/20250821_204411.jpg?ver=0\" alt=\"\u0158ecko letecky hotel Sissy\" class=\"thumbnail\">\u0158ecko letecky hotel Sissy<\/a><\/div>\n<div class=\"album\"><a href=\"https:\/\/www.rajce.idnes.cz\/fitano\/album\/primestsky-inline-camp-pro-deti-srpen-2025\"><img decoding=\"async\" src=\"https:\/\/img40.rajce.idnes.cz\/d4002\/19\/19674\/19674488_d2c35f30eb2ea33dd61bbccdf7582e9c\/thumb\/20250805_112946.jpg?ver=0\" alt=\"P\u0159\u00edm\u011bstsk\u00fd Inline camp pro d\u011bti srpen 2025\" class=\"thumbnail\">P\u0159\u00edm\u011bstsk\u00fd Inline camp pro d\u011bti srpen 2025<\/a><\/div>\n<div class=\"album\"><a href=\"https:\/\/www.rajce.idnes.cz\/fitano\/album\/chorvatsko-se-cvicenim-cirkvenica-cervenec-2025\"><img decoding=\"async\" src=\"https:\/\/img40.rajce.idnes.cz\/d4002\/19\/19674\/19674480_a6343075a76c63fddcc7acd34b80c854\/thumb\/20250727_194147.jpg?ver=0\" alt=\"Chorvatsko se cvi\u010den\u00edm Cirkvenica \u010dervenec 2025\" class=\"thumbnail\">Chorvatsko se cvi\u010den\u00edm Cirkvenica \u010dervenec 2025<\/a><\/div>\n<div class=\"album\"><a href=\"https:\/\/www.rajce.idnes.cz\/fitano\/album\/italie-se-cvicenim-cerven-2025-salinello\"><img decoding=\"async\" src=\"https:\/\/img41.rajce.idnes.cz\/d4103\/19\/19674\/19674468_60c20d9b69996c19e309e84e2a9852f2\/thumb\/20250620_133837.jpg?ver=0\" alt=\"It\u00e1lie se cvi\u010den\u00edm \u010derven 2025 Salinello\" class=\"thumbnail\">It\u00e1lie se cvi\u010den\u00edm \u010derven 2025 Salinello<\/a><\/div>\n<div class=\"album\"><a href=\"https:\/\/www.rajce.idnes.cz\/fitano\/album\/wellness-pobyt-duo-kveten-2025\"><img decoding=\"async\" src=\"https:\/\/img40.rajce.idnes.cz\/d4002\/19\/19674\/19674465_186c50211564f3eb3ed0ad880c56ef51\/thumb\/20250524_181854.jpg?ver=0\" alt=\"wellness pobyt DUO kv\u011bten 2025\" class=\"thumbnail\">wellness pobyt DUO kv\u011bten 2025<\/a><\/div>\n<div class=\"album\"><a href=\"https:\/\/www.rajce.idnes.cz\/fitano\/album\/wellness-pobyt-hotel-excelsior-v-dubnu\"><img decoding=\"async\" src=\"https:\/\/img41.rajce.idnes.cz\/d4102\/19\/19674\/19674458_ea74b0f81301bf7b262bfa333cd228f2\/thumb\/20250405_102703.jpg?ver=0\" alt=\"Wellness pobyt hotel Excelsior v dubnu\" class=\"thumbnail\">Wellness pobyt hotel Excelsior v dubnu<\/a><\/div>\n<div class=\"album\"><a href=\"https:\/\/www.rajce.idnes.cz\/fitano\/album\/primestska-lyzarska-a-snowboardova-skola-o-jarnich-prazdninach-o\"><img decoding=\"async\" src=\"https:\/\/img42.rajce.idnes.cz\/d4202\/19\/19674\/19674427_904ff30e112f6c7fd6f56009029e4e21\/thumb\/20250203_104122.jpg?ver=0\" alt=\"P\u0159\u00edm\u011bstsk\u00e1 ly\u017ea\u0159sk\u00e1 a snowboardov\u00e1 \u0161kola o jarn\u00edch pr\u00e1zdnin\u00e1ch Ostravy\" class=\"thumbnail\">P\u0159\u00edm\u011bstsk\u00e1 ly\u017ea\u0159sk\u00e1 a snowboardov\u00e1 \u0161kola o jarn\u00edch pr\u00e1zdnin\u00e1ch Ostravy<\/a><\/div>\n<div class=\"album\"><a href=\"https:\/\/www.rajce.idnes.cz\/fitano\/album\/zimni-wellness-h-resort-kuncice-pod-ondrejnikem-leden-2025\"><img decoding=\"async\" src=\"https:\/\/img41.rajce.idnes.cz\/d4102\/19\/19674\/19674422_23f5c04a986412cf4dd3920b050284d5\/thumb\/1686281935?ver=0\" alt=\"Zimn\u00ed wellness leden H resort Kun\u010dice pod Ond\u0159ejn\u00edkem\" class=\"thumbnail\">Zimn\u00ed wellness leden H resort Kun\u010dice pod Ond\u0159ejn\u00edkem<\/a><\/div>\n<div class=\"album\"><a href=\"https:\/\/www.rajce.idnes.cz\/fitano\/album\/wellness-pobyt-9-skal-zdarske-vrchy\"><img decoding=\"async\" src=\"https:\/\/img42.rajce.idnes.cz\/d4202\/19\/19674\/19674415_f6aa555c5960fa45f4f70df9f7cd536c\/thumb\/20250322_103244.jpg?ver=0\" alt=\"Wellness pobyt 9 skal \u017d\u010f\u00e1rsk\u00e9 vrchy\" class=\"thumbnail\">Wellness pobyt 9 skal \u017d\u010f\u00e1rsk\u00e9 vrchy<\/a><\/div>\n<div class=\"album\"><a href=\"https:\/\/www.rajce.idnes.cz\/fitano\/album\/wellness-se-cvicenim-hotel-belaria-2024\"><img decoding=\"async\" src=\"https:\/\/img42.rajce.idnes.cz\/d4203\/19\/19355\/19355372_2d91101cb978d7fe4e7147afe83afe9f\/thumb\/20241108_173609.jpg?ver=0\" alt=\"wellness se cvi\u010den\u00edm hotel Belaria 2024\" class=\"thumbnail\">wellness se cvi\u010den\u00edm hotel Belaria 2024<\/a><\/div>\n<div class=\"album\"><a href=\"https:\/\/www.rajce.idnes.cz\/fitano\/album\/wellness-pobyt-se-cvicenim-v-jesenikach-rijen-2024\"><img decoding=\"async\" src=\"https:\/\/img41.rajce.idnes.cz\/d4103\/19\/19334\/19334035_b20e784cd236f38a80999289df5ebce3\/thumb\/20241019_141349.jpg?ver=0\" alt=\"Wellness pobyt se cvi\u010den\u00edm v Jesen\u00edk\u00e1ch \u0159\u00edjen 2024\" class=\"thumbnail\">Wellness pobyt se cvi\u010den\u00edm v Jesen\u00edk\u00e1ch \u0159\u00edjen 2024<\/a><\/div>\n<div class=\"album\"><a href=\"https:\/\/www.rajce.idnes.cz\/fitano\/album\/wellness-pobyt-se-cvicenim-v-luhacovicich-zari-2024\"><img decoding=\"async\" src=\"https:\/\/img41.rajce.idnes.cz\/d4102\/19\/19334\/19334020_5d4b360f3f13b0c7279fe13b3bee5246\/thumb\/20240927_172836.jpg?ver=0\" alt=\"wellness pobyt se cvi\u010den\u00edm v Luha\u010dovic\u00edch z\u00e1\u0159\u00ed 2024\" class=\"thumbnail\">wellness pobyt se cvi\u010den\u00edm v Luha\u010dovic\u00edch z\u00e1\u0159\u00ed 2024<\/a><\/div>\n<div class=\"album\"><a href=\"https:\/\/www.rajce.idnes.cz\/fitano\/album\/recko-fourka-se-cvicenim-srpen-2024\"><img decoding=\"async\" src=\"https:\/\/img41.rajce.idnes.cz\/d4103\/19\/19333\/19333990_ec6e98c13879e62dc40ebcead3272911\/thumb\/IMG-20240904-WA0061.jpg?ver=0\" alt=\"\u0158ecko-Fourka se cvi\u010den\u00edm srpen 2024\" class=\"thumbnail\">\u0158ecko-Fourka se cvi\u010den\u00edm srpen 2024<\/a><\/div>\n<div class=\"album\"><a href=\"https:\/\/www.rajce.idnes.cz\/fitano\/album\/inline-primestsky-camp-ostrava-5-9-8-2024\"><img decoding=\"async\" src=\"https:\/\/img43.rajce.idnes.cz\/d4303\/19\/19210\/19210703_21c46365c3a87c4d1b06ed99c8fda536\/thumb\/20240806_084226.jpg?ver=0\" alt=\"Inline p\u0159\u00edm\u011bstsk\u00fd camp Ostrava 5.-9.8. 2024\" class=\"thumbnail\">Inline p\u0159\u00edm\u011bstsk\u00fd camp Ostrava 5.-9.8. 2024<\/a><\/div>\n<div class=\"album\"><a href=\"https:\/\/www.rajce.idnes.cz\/fitano\/album\/italie-se-cvicenim-resort-salinello-cerven-2024\"><img decoding=\"async\" src=\"https:\/\/img42.rajce.idnes.cz\/d4203\/19\/19210\/19210684_baf232b2f83a356f21ec9dc27f53e5f8\/thumb\/20240617_130754.jpg?ver=0\" alt=\"It\u00e1lie se cvi\u010den\u00edm resort Salinello \u010derven 2024\" class=\"thumbnail\">It\u00e1lie se cvi\u010den\u00edm resort Salinello \u010derven 2024<\/a><\/div>\n<div class=\"album\"><a href=\"https:\/\/www.rajce.idnes.cz\/fitano\/album\/chorvatsko-se-cvicenim-rabac-cervenec-2024\"><img decoding=\"async\" src=\"https:\/\/img37.rajce.idnes.cz\/d3701\/19\/19210\/19210630_c1510be02b97acd28985adad383abd70\/thumb\/20240720_161521.jpg?ver=0\" alt=\"Chorvatsko se cvi\u010den\u00edm Rabac \u010dervenec 2024\" class=\"thumbnail\">Chorvatsko se cvi\u010den\u00edm Rabac \u010dervenec 2024<\/a><\/div>\n<div class=\"album\"><a href=\"https:\/\/www.rajce.idnes.cz\/fitano\/album\/wellness-pobyt-hotel-excelsior-cerven-2024\"><img decoding=\"async\" src=\"https:\/\/img42.rajce.idnes.cz\/d4202\/19\/19210\/19210604_8055269c18c73167b4f0ac1fc4aef744\/thumb\/20240629_073956.jpg?ver=0\" alt=\"Wellness pobyt hotel Excelsior \u010derven 2024\" class=\"thumbnail\">Wellness pobyt hotel Excelsior \u010derven 2024<\/a><\/div>\n<div class=\"album\"><a href=\"https:\/\/www.rajce.idnes.cz\/fitano\/album\/wellness-pobyt-duo-kveten-2024\"><img decoding=\"async\" src=\"https:\/\/img43.rajce.idnes.cz\/d4303\/19\/19079\/19079319_9bac30e3999890631ef222a4b5756e86\/thumb\/20240524_131520.jpg?ver=0\" alt=\"wellness pobyt DUO kv\u011bten 2024\" class=\"thumbnail\">wellness pobyt DUO kv\u011bten 2024<\/a><\/div>\n<div class=\"album\"><a href=\"https:\/\/www.rajce.idnes.cz\/fitano\/album\/wellness-medlov-duben-2024\"><img decoding=\"async\" src=\"https:\/\/img43.rajce.idnes.cz\/d4302\/19\/19001\/19001969_b7081abaa458ed4efaa37812993b0fe8\/thumb\/20240322_203942.jpg?ver=0\" alt=\"WELLNESS MEDLOV DUBEN 2024\" class=\"thumbnail\">WELLNESS MEDLOV DUBEN 2024<\/a><\/div>\n<\/div><\/span><\/span><\/p>\n","protected":false},"excerpt":{"rendered":"","protected":false},"author":1,"featured_media":0,"parent":0,"menu_order":8,"comment_status":"closed","ping_status":"closed","template":"","meta":{"_monsterinsights_skip_tracking":false,"_monsterinsights_sitenote_active":false,"_monsterinsights_sitenote_note":"","_monsterinsights_sitenote_category":0,"footnotes":""},"class_list":["post-21","page","type-page","status-publish","hentry"],"_links":{"self":[{"href":"https:\/\/www.fitano.cz\/index.php?rest_route=\/wp\/v2\/pages\/21","targetHints":{"allow":["GET"]}}],"collection":[{"href":"https:\/\/www.fitano.cz\/index.php?rest_route=\/wp\/v2\/pages"}],"about":[{"href":"https:\/\/www.fitano.cz\/index.php?rest_route=\/wp\/v2\/types\/page"}],"author":[{"embeddable":true,"href":"https:\/\/www.fitano.cz\/index.php?rest_route=\/wp\/v2\/users\/1"}],"replies":[{"embeddable":true,"href":"https:\/\/www.fitano.cz\/index.php?rest_route=%2Fwp%2Fv2%2Fcomments&post=21"}],"version-history":[{"count":19,"href":"https:\/\/www.fitano.cz\/index.php?rest_route=\/wp\/v2\/pages\/21\/revisions"}],"predecessor-version":[{"id":2194,"href":"https:\/\/www.fitano.cz\/index.php?rest_route=\/wp\/v2\/pages\/21\/revisions\/2194"}],"wp:attachment":[{"href":"https:\/\/www.fitano.cz\/index.php?rest_route=%2Fwp%2Fv2%2Fmedia&parent=21"}],"curies":[{"name":"wp","href":"https:\/\/api.w.org\/{rel}","templated":true}]}}